{"id":5287,"date":"2026-04-15T23:32:17","date_gmt":"2026-04-16T02:32:17","guid":{"rendered":"https:\/\/wheeltravel.com.ar\/?post_type=job_listing&#038;p=5287"},"modified":"2026-04-15T23:32:17","modified_gmt":"2026-04-16T02:32:17","slug":"dia-de-los-muertos","status":"publish","type":"job_listing","link":"https:\/\/wheeltravel.com.ar\/index.php\/trabajo\/dia-de-los-muertos\/","title":{"rendered":"DIA DE LOS MUERTOS"},"content":{"rendered":"<p>Ciudad de M\u00e9xico \u2013 Cultura y Tradici\u00f3n \ud83c\uddf2\ud83c\uddfd<\/p>\n<p>(Salida del 29\/10 al 03\/11)<\/p>\n<p>Viv\u00ed una experiencia \u00fanica en Ciudad de M\u00e9xico durante una de las \u00e9pocas m\u00e1s especiales del a\u00f1o, combinando historia, cultura y tradiciones del D\u00eda de Muertos.<\/p>\n<p>Duraci\u00f3n: 6 d\u00edas \/ 5 noches<\/p>\n<p>Incluye:<br \/>\nAlojamiento en Hotel Royal Reforma con desayuno<br \/>\nTraslados aeropuerto \u2013 hotel \u2013 aeropuerto<br \/>\nTour Show de La Llorona<br \/>\nTour a la Bas\u00edlica de Guadalupe y Pir\u00e1mides de Teotihuac\u00e1n<br \/>\nExperiencia en Mixquic, uno de los pueblos m\u00e1s tradicionales para celebrar el D\u00eda de Muertos<\/p>\n<p>Tarifa: desde USD 1.225 por persona en base doble \u2708\ufe0f<\/p>\n","protected":false},"featured_media":5288,"comment_status":"open","ping_status":"closed","template":"","meta":{"_promoted":"","_featured":0},"job-types":[357],"job_listing_tag":[],"yoast_head":"<!-- This site is optimized with the Yoast SEO plugin v24.0 - https:\/\/yoast.com\/wordpress\/plugins\/seo\/ -->\n<title>DIA DE LOS MUERTOS - Wheel Travel<\/title>\n<meta name=\"robots\" content=\"index, follow, max-snippet:-1, max-image-preview:large, max-video-preview:-1\" \/>\n<link rel=\"canonical\" href=\"https:\/\/wheeltravel.com.ar\/index.php\/trabajo\/dia-de-los-muertos\/\" \/>\n<meta property=\"og:locale\" content=\"es_ES\" \/>\n<meta property=\"og:type\" content=\"article\" \/>\n<meta property=\"og:title\" content=\"DIA DE LOS MUERTOS - Wheel Travel\" \/>\n<meta property=\"og:description\" content=\"Ciudad de M\u00e9xico \u2013 Cultura y Tradici\u00f3n \ud83c\uddf2\ud83c\uddfd (Salida del 29\/10 al 03\/11) Viv\u00ed una experiencia \u00fanica en Ciudad de M\u00e9xico durante una de las \u00e9pocas m\u00e1s especiales del a\u00f1o, combinando historia, cultura y tradiciones del D\u00eda de Muertos. Duraci\u00f3n: 6 d\u00edas \/ 5 noches Incluye: Alojamiento en Hotel Royal Reforma con desayuno Traslados aeropuerto [&hellip;]\" \/>\n<meta property=\"og:url\" content=\"https:\/\/wheeltravel.com.ar\/index.php\/trabajo\/dia-de-los-muertos\/\" \/>\n<meta property=\"og:site_name\" content=\"Wheel Travel\" \/>\n<meta property=\"og:image\" content=\"https:\/\/wheeltravel.com.ar\/wp-content\/uploads\/job-manager-uploads\/job_cover_image\/2026\/04\/2-2-1024x922.png\" \/>\n\t<meta property=\"og:image:width\" content=\"1024\" \/>\n\t<meta property=\"og:image:height\" content=\"922\" \/>\n\t<meta property=\"og:image:type\" content=\"image\/png\" \/>\n<meta name=\"twitter:card\" content=\"summary_large_image\" \/>\n<meta name=\"twitter:label1\" content=\"Tiempo de lectura\" \/>\n\t<meta name=\"twitter:data1\" content=\"1 minuto\" \/>\n<script type=\"application\/ld+json\" class=\"yoast-schema-graph\">{\"@context\":\"https:\/\/schema.org\",\"@graph\":[{\"@type\":\"WebPage\",\"@id\":\"https:\/\/wheeltravel.com.ar\/index.php\/trabajo\/dia-de-los-muertos\/\",\"url\":\"https:\/\/wheeltravel.com.ar\/index.php\/trabajo\/dia-de-los-muertos\/\",\"name\":\"DIA DE LOS MUERTOS - Wheel Travel\",\"isPartOf\":{\"@id\":\"https:\/\/wheeltravel.com.ar\/#website\"},\"primaryImageOfPage\":{\"@id\":\"https:\/\/wheeltravel.com.ar\/index.php\/trabajo\/dia-de-los-muertos\/#primaryimage\"},\"image\":{\"@id\":\"https:\/\/wheeltravel.com.ar\/index.php\/trabajo\/dia-de-los-muertos\/#primaryimage\"},\"thumbnailUrl\":\"https:\/\/wheeltravel.com.ar\/wp-content\/uploads\/job-manager-uploads\/job_cover_image\/2026\/04\/2-2.png\",\"datePublished\":\"2026-04-16T02:32:17+00:00\",\"dateModified\":\"2026-04-16T02:32:17+00:00\",\"breadcrumb\":{\"@id\":\"https:\/\/wheeltravel.com.ar\/index.php\/trabajo\/dia-de-los-muertos\/#breadcrumb\"},\"inLanguage\":\"es\",\"potentialAction\":[{\"@type\":\"ReadAction\",\"target\":[\"https:\/\/wheeltravel.com.ar\/index.php\/trabajo\/dia-de-los-muertos\/\"]}]},{\"@type\":\"ImageObject\",\"inLanguage\":\"es\",\"@id\":\"https:\/\/wheeltravel.com.ar\/index.php\/trabajo\/dia-de-los-muertos\/#primaryimage\",\"url\":\"https:\/\/wheeltravel.com.ar\/wp-content\/uploads\/job-manager-uploads\/job_cover_image\/2026\/04\/2-2.png\",\"contentUrl\":\"https:\/\/wheeltravel.com.ar\/wp-content\/uploads\/job-manager-uploads\/job_cover_image\/2026\/04\/2-2.png\",\"width\":1500,\"height\":1350},{\"@type\":\"BreadcrumbList\",\"@id\":\"https:\/\/wheeltravel.com.ar\/index.php\/trabajo\/dia-de-los-muertos\/#breadcrumb\",\"itemListElement\":[{\"@type\":\"ListItem\",\"position\":1,\"name\":\"Portada\",\"item\":\"https:\/\/wheeltravel.com.ar\/\"},{\"@type\":\"ListItem\",\"position\":2,\"name\":\"Listados de\",\"item\":\"https:\/\/wheeltravel.com.ar\/index.php\/job-listings\/\"},{\"@type\":\"ListItem\",\"position\":3,\"name\":\"DIA DE LOS MUERTOS\"}]},{\"@type\":\"WebSite\",\"@id\":\"https:\/\/wheeltravel.com.ar\/#website\",\"url\":\"https:\/\/wheeltravel.com.ar\/\",\"name\":\"Wheel Travel\",\"description\":\"Mayorista de Viajes\",\"potentialAction\":[{\"@type\":\"SearchAction\",\"target\":{\"@type\":\"EntryPoint\",\"urlTemplate\":\"https:\/\/wheeltravel.com.ar\/?s={search_term_string}\"},\"query-input\":{\"@type\":\"PropertyValueSpecification\",\"valueRequired\":true,\"valueName\":\"search_term_string\"}}],\"inLanguage\":\"es\"}]}<\/script>\n<!-- \/ Yoast SEO plugin. -->","yoast_head_json":{"title":"DIA DE LOS MUERTOS - Wheel Travel","robots":{"index":"index","follow":"follow","max-snippet":"max-snippet:-1","max-image-preview":"max-image-preview:large","max-video-preview":"max-video-preview:-1"},"canonical":"https:\/\/wheeltravel.com.ar\/index.php\/trabajo\/dia-de-los-muertos\/","og_locale":"es_ES","og_type":"article","og_title":"DIA DE LOS MUERTOS - Wheel Travel","og_description":"Ciudad de M\u00e9xico \u2013 Cultura y Tradici\u00f3n \ud83c\uddf2\ud83c\uddfd (Salida del 29\/10 al 03\/11) Viv\u00ed una experiencia \u00fanica en Ciudad de M\u00e9xico durante una de las \u00e9pocas m\u00e1s especiales del a\u00f1o, combinando historia, cultura y tradiciones del D\u00eda de Muertos. Duraci\u00f3n: 6 d\u00edas \/ 5 noches Incluye: Alojamiento en Hotel Royal Reforma con desayuno Traslados aeropuerto [&hellip;]","og_url":"https:\/\/wheeltravel.com.ar\/index.php\/trabajo\/dia-de-los-muertos\/","og_site_name":"Wheel Travel","og_image":[{"width":1024,"height":922,"url":"https:\/\/wheeltravel.com.ar\/wp-content\/uploads\/job-manager-uploads\/job_cover_image\/2026\/04\/2-2-1024x922.png","type":"image\/png"}],"twitter_card":"summary_large_image","twitter_misc":{"Tiempo de lectura":"1 minuto"},"schema":{"@context":"https:\/\/schema.org","@graph":[{"@type":"WebPage","@id":"https:\/\/wheeltravel.com.ar\/index.php\/trabajo\/dia-de-los-muertos\/","url":"https:\/\/wheeltravel.com.ar\/index.php\/trabajo\/dia-de-los-muertos\/","name":"DIA DE LOS MUERTOS - Wheel Travel","isPartOf":{"@id":"https:\/\/wheeltravel.com.ar\/#website"},"primaryImageOfPage":{"@id":"https:\/\/wheeltravel.com.ar\/index.php\/trabajo\/dia-de-los-muertos\/#primaryimage"},"image":{"@id":"https:\/\/wheeltravel.com.ar\/index.php\/trabajo\/dia-de-los-muertos\/#primaryimage"},"thumbnailUrl":"https:\/\/wheeltravel.com.ar\/wp-content\/uploads\/job-manager-uploads\/job_cover_image\/2026\/04\/2-2.png","datePublished":"2026-04-16T02:32:17+00:00","dateModified":"2026-04-16T02:32:17+00:00","breadcrumb":{"@id":"https:\/\/wheeltravel.com.ar\/index.php\/trabajo\/dia-de-los-muertos\/#breadcrumb"},"inLanguage":"es","potentialAction":[{"@type":"ReadAction","target":["https:\/\/wheeltravel.com.ar\/index.php\/trabajo\/dia-de-los-muertos\/"]}]},{"@type":"ImageObject","inLanguage":"es","@id":"https:\/\/wheeltravel.com.ar\/index.php\/trabajo\/dia-de-los-muertos\/#primaryimage","url":"https:\/\/wheeltravel.com.ar\/wp-content\/uploads\/job-manager-uploads\/job_cover_image\/2026\/04\/2-2.png","contentUrl":"https:\/\/wheeltravel.com.ar\/wp-content\/uploads\/job-manager-uploads\/job_cover_image\/2026\/04\/2-2.png","width":1500,"height":1350},{"@type":"BreadcrumbList","@id":"https:\/\/wheeltravel.com.ar\/index.php\/trabajo\/dia-de-los-muertos\/#breadcrumb","itemListElement":[{"@type":"ListItem","position":1,"name":"Portada","item":"https:\/\/wheeltravel.com.ar\/"},{"@type":"ListItem","position":2,"name":"Listados de","item":"https:\/\/wheeltravel.com.ar\/index.php\/job-listings\/"},{"@type":"ListItem","position":3,"name":"DIA DE LOS MUERTOS"}]},{"@type":"WebSite","@id":"https:\/\/wheeltravel.com.ar\/#website","url":"https:\/\/wheeltravel.com.ar\/","name":"Wheel Travel","description":"Mayorista de Viajes","potentialAction":[{"@type":"SearchAction","target":{"@type":"EntryPoint","urlTemplate":"https:\/\/wheeltravel.com.ar\/?s={search_term_string}"},"query-input":{"@type":"PropertyValueSpecification","valueRequired":true,"valueName":"search_term_string"}}],"inLanguage":"es"}]}},"_links":{"self":[{"href":"https:\/\/wheeltravel.com.ar\/index.php\/wp-json\/wp\/v2\/job-listings\/5287"}],"collection":[{"href":"https:\/\/wheeltravel.com.ar\/index.php\/wp-json\/wp\/v2\/job-listings"}],"about":[{"href":"https:\/\/wheeltravel.com.ar\/index.php\/wp-json\/wp\/v2\/types\/job_listing"}],"replies":[{"embeddable":true,"href":"https:\/\/wheeltravel.com.ar\/index.php\/wp-json\/wp\/v2\/comments?post=5287"}],"wp:featuredmedia":[{"embeddable":true,"href":"https:\/\/wheeltravel.com.ar\/index.php\/wp-json\/wp\/v2\/media\/5288"}],"wp:attachment":[{"href":"https:\/\/wheeltravel.com.ar\/index.php\/wp-json\/wp\/v2\/media?parent=5287"}],"wp:term":[{"taxonomy":"job_listing_type","embeddable":true,"href":"https:\/\/wheeltravel.com.ar\/index.php\/wp-json\/wp\/v2\/job-types?post=5287"},{"taxonomy":"job_listing_tag","embeddable":true,"href":"https:\/\/wheeltravel.com.ar\/index.php\/wp-json\/wp\/v2\/job_listing_tag?post=5287"}],"curies":[{"name":"wp","href":"https:\/\/api.w.org\/{rel}","templated":true}]}}